{"id":6534,"date":"2024-09-03T11:24:52","date_gmt":"2024-09-03T09:24:52","guid":{"rendered":"https:\/\/formations-benevoles.org\/auvergne-rhone-alpes\/?page_id=6534"},"modified":"2024-09-03T14:37:53","modified_gmt":"2024-09-03T12:37:53","slug":"widget-generateur","status":"publish","type":"page","link":"https:\/\/formations-benevoles.org\/auvergne-rhone-alpes\/widget-generateur\/","title":{"rendered":"Widget generateur"},"content":{"rendered":"[vc_row type=&#8221;in_container&#8221; full_screen_row_position=&#8221;middle&#8221; column_margin=&#8221;default&#8221; column_direction=&#8221;default&#8221; column_direction_tablet=&#8221;default&#8221; column_direction_phone=&#8221;default&#8221; scene_position=&#8221;center&#8221; text_color=&#8221;dark&#8221; text_align=&#8221;left&#8221; row_border_radius=&#8221;none&#8221; row_border_radius_applies=&#8221;bg&#8221; overflow=&#8221;visible&#8221; overlay_strength=&#8221;0.3&#8243; gradient_direction=&#8221;left_to_right&#8221; shape_divider_position=&#8221;bottom&#8221; bg_image_animation=&#8221;none&#8221;][vc_column column_padding=&#8221;padding-3-percent&#8221; column_padding_tablet=&#8221;inherit&#8221; column_padding_phone=&#8221;inherit&#8221; column_padding_position=&#8221;all&#8221; column_element_direction_desktop=&#8221;default&#8221; column_element_spacing=&#8221;default&#8221; desktop_text_alignment=&#8221;default&#8221; tablet_text_alignment=&#8221;default&#8221; phone_text_alignment=&#8221;default&#8221; background_color_opacity=&#8221;1&#8243; background_hover_color_opacity=&#8221;1&#8243; column_backdrop_filter=&#8221;none&#8221; column_shadow=&#8221;none&#8221; column_border_radius=&#8221;none&#8221; column_link_target=&#8221;_self&#8221; column_position=&#8221;default&#8221; gradient_direction=&#8221;left_to_right&#8221; overlay_strength=&#8221;0.3&#8243; width=&#8221;1\/2&#8243; tablet_width_inherit=&#8221;default&#8221; animation_type=&#8221;default&#8221; bg_image_animation=&#8221;none&#8221; border_type=&#8221;simple&#8221; column_border_width=&#8221;none&#8221; column_border_style=&#8221;solid&#8221; column_padding_type=&#8221;default&#8221; gradient_type=&#8221;default&#8221;][vc_column_text text_direction=&#8221;default&#8221;]\n<h2><strong>Bienvenue sur l&#8217;outil d&#8217;int\u00e9gration des formations du portail r\u00e9gional sur des sites ext\u00e9rieurs.<\/strong><\/h2>\n<p>&nbsp;<\/p>\n<p>Cet outil vous permettra d&#8217;afficher les formations pr\u00e9sentes sur le portail r\u00e9gional <strong>sur le site internet de votre choix.<\/strong><\/p>\n<p>Gr\u00e2ce aux crit\u00e8res de s\u00e9lection, <strong>vous pouvez choisir d&#8217;afficher seulement une partie des formations<\/strong> pr\u00e9sentes sur le portail r\u00e9gional. Ainsi, vous pouvez choisir d&#8217;afficher seulement :<\/p>\n<p><em>&#8211; les formations d&#8217;un organisateur sp\u00e9cifique<\/em><br \/>\n<em>&#8211; les formations d&#8217;un th\u00e8me sp\u00e9cifique<\/em><br \/>\n<em>&#8211; les formations d&#8217;un d\u00e9partement<\/em><br \/>\n<em>&#8211; les formations en pr\u00e9sence ou \u00e0 distance<\/em><br \/>\n<em>&#8211; les formations r\u00e9pondant \u00e0 un ou plusieurs mots-cl\u00e9s<\/em>[\/vc_column_text][\/vc_column][vc_column column_padding=&#8221;padding-5-percent&#8221; column_padding_tablet=&#8221;inherit&#8221; column_padding_phone=&#8221;inherit&#8221; column_padding_position=&#8221;all&#8221; column_element_direction_desktop=&#8221;default&#8221; column_element_spacing=&#8221;default&#8221; desktop_text_alignment=&#8221;default&#8221; tablet_text_alignment=&#8221;default&#8221; phone_text_alignment=&#8221;default&#8221; background_color=&#8221;#d75256&#8243; background_color_opacity=&#8221;1&#8243; background_hover_color_opacity=&#8221;1&#8243; column_backdrop_filter=&#8221;none&#8221; column_shadow=&#8221;none&#8221; column_border_radius=&#8221;none&#8221; column_link_target=&#8221;_self&#8221; column_position=&#8221;default&#8221; gradient_direction=&#8221;left_to_right&#8221; overlay_strength=&#8221;0.3&#8243; width=&#8221;1\/2&#8243; tablet_width_inherit=&#8221;default&#8221; animation_type=&#8221;default&#8221; bg_image_animation=&#8221;none&#8221; border_type=&#8221;simple&#8221; column_border_width=&#8221;none&#8221; column_border_style=&#8221;solid&#8221; column_padding_type=&#8221;default&#8221; gradient_type=&#8221;default&#8221;][vc_column_text text_direction=&#8221;default&#8221;]\n<h4>Comment utiliser cet outil ?<\/h4>\n<p><em><br \/>\n<\/em><strong>\u00c9tape 1 <\/strong><em><br \/>\n<\/em>Dans le cadre ci-dessous, o\u00f9 figurent les crit\u00e8res, s\u00e9lectionnez ceux qui vous int\u00e9ressent (organisateur, th\u00e8me, d\u00e9partement&#8230;). Si vous souhaitez s\u00e9lectionner toutes les formations du portail r\u00e9gional, n&#8217;entrez rien dans ces cases.<\/p>\n<p><strong>\u00c9tape 2<\/strong><em><br \/>\n<\/em>Si vous le souhaitez, visualisez l&#8217;aper\u00e7u des formations s\u00e9lectionn\u00e9es en bas de page.<\/p>\n<p><strong>\u00c9tape 3<\/strong><em><br \/>\n<\/em>Copiez le texte pr\u00e9sent dans le cadre &#8220;Code \u00e0 copier&#8221;. Pour plus de simplicit\u00e9, cliquez sur le pictogramme qui se situe en haut \u00e0 droite du cadre.<\/p>\n<p><strong>\u00c9tape 4<\/strong><em><br \/>\n<\/em>Collez le tout dans le code de votre site internet. Par exemple, sur WordPress, \u00e0 l&#8217;aide du bloc pr\u00e9-con\u00e7u dans la cr\u00e9ation d&#8217;article ou de page<em> &#8220;HTML personnalis\u00e9&#8221;.<\/em>[\/vc_column_text][\/vc_column][\/vc_row][vc_row type=&#8221;in_container&#8221; full_screen_row_position=&#8221;middle&#8221; column_margin=&#8221;default&#8221; column_direction=&#8221;default&#8221; column_direction_tablet=&#8221;default&#8221; column_direction_phone=&#8221;default&#8221; scene_position=&#8221;center&#8221; text_color=&#8221;dark&#8221; text_align=&#8221;left&#8221; row_border_radius=&#8221;none&#8221; row_border_radius_applies=&#8221;bg&#8221; overflow=&#8221;visible&#8221; overlay_strength=&#8221;0.3&#8243; gradient_direction=&#8221;left_to_right&#8221; shape_divider_position=&#8221;bottom&#8221; bg_image_animation=&#8221;none&#8221;][vc_column column_padding=&#8221;no-extra-padding&#8221; column_padding_tablet=&#8221;inherit&#8221; column_padding_phone=&#8221;inherit&#8221; column_padding_position=&#8221;all&#8221; column_element_direction_desktop=&#8221;default&#8221; column_element_spacing=&#8221;default&#8221; desktop_text_alignment=&#8221;default&#8221; tablet_text_alignment=&#8221;default&#8221; phone_text_alignment=&#8221;default&#8221; background_color_opacity=&#8221;1&#8243; background_hover_color_opacity=&#8221;1&#8243; column_backdrop_filter=&#8221;none&#8221; column_shadow=&#8221;none&#8221; column_border_radius=&#8221;none&#8221; column_link_target=&#8221;_self&#8221; column_position=&#8221;default&#8221; gradient_direction=&#8221;left_to_right&#8221; overlay_strength=&#8221;0.3&#8243; width=&#8221;1\/1&#8243; tablet_width_inherit=&#8221;default&#8221; animation_type=&#8221;default&#8221; bg_image_animation=&#8221;none&#8221; border_type=&#8221;simple&#8221; column_border_width=&#8221;none&#8221; column_border_style=&#8221;solid&#8221;][vc_column_text]\n<div class=\"widget-generateur alignfull\">\n    <form id=\"widget-generateur-form\" data-url=\"https:\/\/formations-benevoles.org\/auvergne-rhone-alpes\/widget\/\">\n        <h4>Crit\u00e8res :<\/h4>\n        <div>\n            <label for=\"author\">Organisateur :<\/label>\n            <select id=\"author\" name=\"author\" class=\"form-color\" multiple>\n                <option value=\"\">Tous<\/option><option value=\"104\">ACR\u00e9<\/option><option value=\"123\">AIN PROFESSION SPORT ET CULTURE<\/option><option value=\"124\">AMESUD<\/option><option value=\"133\">Association La Br\u00e8che<\/option><option value=\"159\">Biface &amp; \u00e9tincelles<\/option><option value=\"177\">CCO La Rayonne<\/option><option value=\"126\">CDOS 07<\/option><option value=\"117\">CDOS 38<\/option><option value=\"116\">CDOS 74<\/option><option value=\"145\">Centre associatif Boris Vian - V\u00e9nissieux<\/option><option value=\"97\">Comit\u00e9 R\u00e9gional Olympique et Sportif Auvergne-Rh\u00f4ne-Alpes<\/option><option value=\"74\">Crefad Auvergne<\/option><option value=\"88\">Crefad Loire<\/option><option value=\"100\">CRI Auvergne - Clermont-Fd<\/option><option value=\"89\">F\u00e9d\u00e9ration des Centres Sociaux et Socioculturels de l'Allier<\/option><option value=\"165\">Fondation Voltaire<\/option><option value=\"113\">GESRA - Groupement des Epiceries Sociales et Solidaires Rh\u00f4ne-Alpes Auvergne<\/option><option value=\"163\">HelloAsso - Grenoble<\/option><option value=\"149\">Inclusion Num\u00e9rique - Ville de Saint-Etienne<\/option><option value=\"96\">Institut Transitions<\/option><option value=\"129\">Le Damier<\/option><option value=\"121\">Ligue de l'enseignement du Rh\u00f4ne et de la M\u00e9tropole de Lyon - FOL69<\/option><option value=\"157\">Maison de la Vie Associative et Citoyenne - Grenoble<\/option><option value=\"137\">RESACOOP<\/option><option value=\"102\">R\u00e9seau AMAP Auvergne-Rh\u00f4ne-Alpes<\/option><option value=\"151\">Ville de Villeurbanne<\/option>            <\/select>\n        <\/div>\n            <div>\n                <label for=\"themes\">Th\u00e8mes :<\/label>\n                <select id=\"themes\" name=\"themes\" class=\"form-color\" multiple>\n                    <option value=\"\">Tous<\/option><option value=\"120\">CFGA (Certificat de formation \u00e0 la gestion associative)<\/option><option value=\"44\">La communication<\/option><option value=\"45\">La formation sur un domaine sp\u00e9cifique (m\u00e9dico-social, sport...)<\/option><option value=\"46\">La gestion de projet<\/option><option value=\"47\">La gestion des Ressources Humaines<\/option><option value=\"48\">Le fonctionnement d'une association<\/option><option value=\"49\">Les finances d'une association<\/option><option value=\"50\">Les outils num\u00e9riques<\/option><option value=\"51\">Les questions de soci\u00e9t\u00e9 (discrimination, environnement...)<\/option>                <\/select>\n            <\/div>\n            <div>\n                <label for=\"departements\">D\u00e9partements :<\/label>\n                <select id=\"departements\" name=\"departements\" class=\"form-color\" multiple>\n                    <option value=\"\">Tous<\/option><option value=\"57\">Ain (01)<\/option><option value=\"58\">Allier (03)<\/option><option value=\"59\">Ard\u00e8che (07)<\/option><option value=\"60\">Cantal (15)<\/option><option value=\"61\">Dr\u00f4me (26)<\/option><option value=\"64\">Haute-Loire (43)<\/option><option value=\"68\">Haute-Savoie (74)<\/option><option value=\"62\">Is\u00e8re (38)<\/option><option value=\"63\">Loire (42)<\/option><option value=\"65\">Puy-de-D\u00f4me (63)<\/option><option value=\"66\">Rh\u00f4ne (69)<\/option><option value=\"67\">Savoie (73)<\/option>                <\/select>\n            <\/div>\n            <div>\n                <label for=\"formats\">Formats :<\/label>\n                <select id=\"formats\" name=\"formats\" class=\"form-color\">\n                    <option value=\"\">Tous<\/option><option value=\"1\">visio<\/option><option value=\"0\">pr\u00e9sentiel<\/option>                <\/select>\n            <\/div>\n            <div class=\"fancy-select-wrap\">\n                <label for=\"text\">Mots cl\u00e9s :<\/label>\n                <input type=\"text\" id=\"text\" name=\"text\">\n            <\/div>\n    <\/form>\n    <div id=\"widget-generateur-iframe\">\n        <button title=\"copier le contenu\" id=\"widget-generateur-copy\"><svg xmlns=\"http:\/\/www.w3.org\/2000\/svg\" viewBox=\"0 0 24 24\" aria-hidden=\"true\" focusable=\"false\"><path d=\"M20.2 8v11c0 .7-.6 1.2-1.2 1.2H6v1.5h13c1.5 0 2.7-1.2 2.7-2.8V8zM18 16.4V4.6c0-.9-.7-1.6-1.6-1.6H4.6C3.7 3 3 3.7 3 4.6v11.8c0 .9.7 1.6 1.6 1.6h11.8c.9 0 1.6-.7 1.6-1.6zm-13.5 0V4.6c0-.1.1-.1.1-.1h11.8c.1 0 .1.1.1.1v11.8c0 .1-.1.1-.1.1H4.6l-.1-.1z\"><\/path><\/svg><\/button>\n        <h4>Code \u00e0 copier :<\/h4>\n        <div id=\"widget-generateur-iframe-content\">\n\n        <\/div>\n    <\/div>\n    <div id=\"widget-generateur-preview\">\n        <h4>Pr\u00e9visualisation :<\/h4>\n        <div id=\"widget-generateur-url-preview-content\">\n\n        <\/div>\n    <\/div>\n<\/div>\n[\/vc_column_text][\/vc_column][\/vc_row]\n","protected":false},"excerpt":{"rendered":"<p>[vc_row type=&#8221;in_container&#8221; full_screen_row_position=&#8221;middle&#8221; column_margin=&#8221;default&#8221; column_direction=&#8221;default&#8221; column_direction_tablet=&#8221;default&#8221; column_direction_phone=&#8221;default&#8221; scene_position=&#8221;center&#8221; text_color=&#8221;dark&#8221; text_align=&#8221;left&#8221; row_border_radius=&#8221;none&#8221; row_border_radius_applies=&#8221;bg&#8221; overflow=&#8221;visible&#8221; overlay_strength=&#8221;0.3&#8243; gradient_direction=&#8221;left_to_right&#8221; shape_divider_position=&#8221;bottom&#8221; bg_image_animation=&#8221;none&#8221;][vc_column column_padding=&#8221;padding-3-percent&#8221; column_padding_tablet=&#8221;inherit&#8221; column_padding_phone=&#8221;inherit&#8221; column_padding_position=&#8221;all&#8221; column_element_direction_desktop=&#8221;default&#8221; column_element_spacing=&#8221;default&#8221; desktop_text_alignment=&#8221;default&#8221; tablet_text_alignment=&#8221;default&#8221; phone_text_alignment=&#8221;default&#8221; background_color_opacity=&#8221;1&#8243; background_hover_color_opacity=&#8221;1&#8243; column_backdrop_filter=&#8221;none&#8221; column_shadow=&#8221;none&#8221;&#8230;<\/p>\n","protected":false},"author":5,"featured_media":0,"parent":0,"menu_order":0,"comment_status":"closed","ping_status":"closed","template":"","meta":{"footnotes":""},"class_list":["post-6534","page","type-page","status-publish"],"_links":{"self":[{"href":"https:\/\/formations-benevoles.org\/auvergne-rhone-alpes\/wp-json\/wp\/v2\/pages\/6534","targetHints":{"allow":["GET"]}}],"collection":[{"href":"https:\/\/formations-benevoles.org\/auvergne-rhone-alpes\/wp-json\/wp\/v2\/pages"}],"about":[{"href":"https:\/\/formations-benevoles.org\/auvergne-rhone-alpes\/wp-json\/wp\/v2\/types\/page"}],"author":[{"embeddable":true,"href":"https:\/\/formations-benevoles.org\/auvergne-rhone-alpes\/wp-json\/wp\/v2\/users\/5"}],"replies":[{"embeddable":true,"href":"https:\/\/formations-benevoles.org\/auvergne-rhone-alpes\/wp-json\/wp\/v2\/comments?post=6534"}],"version-history":[{"count":0,"href":"https:\/\/formations-benevoles.org\/auvergne-rhone-alpes\/wp-json\/wp\/v2\/pages\/6534\/revisions"}],"wp:attachment":[{"href":"https:\/\/formations-benevoles.org\/auvergne-rhone-alpes\/wp-json\/wp\/v2\/media?parent=6534"}],"curies":[{"name":"wp","href":"https:\/\/api.w.org\/{rel}","templated":true}]}}